{"id":57809,"date":"2022-05-17T15:13:56","date_gmt":"2022-05-17T15:13:56","guid":{"rendered":"https:\/\/mirps-platform.org\/?page_id=57809"},"modified":"2023-01-17T19:24:19","modified_gmt":"2023-01-17T19:24:19","slug":"international-solidarity-event","status":"publish","type":"page","link":"https:\/\/mirps-platform.org\/en\/resources\/events\/international-solidarity-event\/","title":{"rendered":"International Solidarity Event"},"content":{"rendered":"<p>[et_pb_section fb_built=&#8221;1&#8243; _builder_version=&#8221;4.12.1&#8243; _module_preset=&#8221;default&#8221; global_colors_info=&#8221;{}&#8221;][et_pb_row _builder_version=&#8221;4.12.1&#8243; _module_preset=&#8221;default&#8221; global_colors_info=&#8221;{}&#8221;][et_pb_column type=&#8221;4_4&#8243; _builder_version=&#8221;4.12.1&#8243; _module_preset=&#8221;default&#8221; global_colors_info=&#8221;{}&#8221;][et_pb_text _builder_version=&#8221;4.12.1&#8243; _module_preset=&#8221;default&#8221; text_text_color=&#8221;#000000&#8243; text_font_size=&#8221;45px&#8221; text_line_height=&#8221;1.2em&#8221; global_colors_info=&#8221;{}&#8221;]<\/p>\n<p style=\"text-align: center;\"><strong>\u00a0MIRPS Support Platform International Solidarity Event<\/strong><\/p>\n<p>[\/et_pb_text][\/et_pb_column][\/et_pb_row][et_pb_row _builder_version=&#8221;4.12.1&#8243; _module_preset=&#8221;default&#8221; custom_margin=&#8221;-31px||-32px||false|false&#8221; global_colors_info=&#8221;{}&#8221;][et_pb_column type=&#8221;4_4&#8243; _builder_version=&#8221;4.12.1&#8243; _module_preset=&#8221;default&#8221; global_colors_info=&#8221;{}&#8221;][et_pb_text _builder_version=&#8221;4.14.7&#8243; _module_preset=&#8221;default&#8221; text_text_color=&#8221;#000000&#8243; global_colors_info=&#8221;{}&#8221;]<\/p>\n<p><em>September 21st, 2022<\/em><\/p>\n<p>[\/et_pb_text][\/et_pb_column][\/et_pb_row][et_pb_row column_structure=&#8221;1_2,1_2&#8243; _builder_version=&#8221;4.12.1&#8243; _module_preset=&#8221;default&#8221; global_colors_info=&#8221;{}&#8221;][et_pb_column type=&#8221;1_2&#8243; _builder_version=&#8221;4.12.1&#8243; _module_preset=&#8221;default&#8221; global_colors_info=&#8221;{}&#8221;][et_pb_image src=&#8221;https:\/\/mirps-platform.org\/wp-content\/uploads\/2022\/09\/Portada-ENG-FINAL-01.png&#8221; title_text=&#8221;Portada ENG FINAL-01&#8243; _builder_version=&#8221;4.14.7&#8243; _module_preset=&#8221;default&#8221; global_colors_info=&#8221;{}&#8221;][\/et_pb_image][\/et_pb_column][et_pb_column type=&#8221;1_2&#8243; _builder_version=&#8221;4.12.1&#8243; _module_preset=&#8221;default&#8221; global_colors_info=&#8221;{}&#8221;][et_pb_text _builder_version=&#8221;4.12.1&#8243; _module_preset=&#8221;default&#8221; text_text_color=&#8221;#000000&#8243; text_font_size=&#8221;19px&#8221; text_line_height=&#8221;1.9em&#8221; global_colors_info=&#8221;{}&#8221;]<\/p>\n<p>As the current Chair of the <a href=\"https:\/\/mirps-platform.org\/en\/support-platform\/\">MIRPS Support Platform<\/a>, the Government of Canada, is co-hosting with the United States an International Solidarity Event to Strengthen Protection and Promote Solutions for Forcibly Displaced Persons and Host Communities in Central America and Mexico.<\/p>\n<p>The event will take place on the margins of the <a href=\"https:\/\/www.un.org\/en\/ga\/\">United Nations General Assembly (UNGA)<\/a> in New York City. It will be the culmination of Canada&#8217;s Chairmanship of the Support Platform and the transition to the United States as the incoming Chair.<\/p>\n<p>[\/et_pb_text][\/et_pb_column][\/et_pb_row][et_pb_row column_structure=&#8221;1_3,1_3,1_3&#8243; _builder_version=&#8221;4.14.7&#8243; _module_preset=&#8221;default&#8221; global_colors_info=&#8221;{}&#8221;][et_pb_column type=&#8221;1_3&#8243; _builder_version=&#8221;4.12.1&#8243; _module_preset=&#8221;default&#8221; global_colors_info=&#8221;{}&#8221;][et_pb_image src=&#8221;https:\/\/mirpsplatform.org\/wp-content\/uploads\/2022\/01\/noun-note-3205751-AF2C27.png&#8221; title_text=&#8221;Note&#8221; url=&#8221;https:\/\/mirps-platform.org\/wp-content\/uploads\/2022\/09\/2.-Concept-Note-Solidarity-Event-ENG.pdf&#8221; url_new_window=&#8221;on&#8221; align=&#8221;center&#8221; _builder_version=&#8221;4.14.7&#8243; _module_preset=&#8221;default&#8221; module_alignment=&#8221;center&#8221; height=&#8221;100px&#8221; global_colors_info=&#8221;{}&#8221;][\/et_pb_image][et_pb_text _builder_version=&#8221;4.14.7&#8243; _module_preset=&#8221;default&#8221; link_option_url=&#8221;https:\/\/mirps-platform.org\/wp-content\/uploads\/2022\/09\/2.-Concept-Note-Solidarity-Event-ENG.pdf&#8221; link_option_url_new_window=&#8221;on&#8221; global_colors_info=&#8221;{}&#8221;]<\/p>\n<h4 style=\"text-align: center;\">Concept note<\/h4>\n<p>[\/et_pb_text][\/et_pb_column][et_pb_column type=&#8221;1_3&#8243; _builder_version=&#8221;4.12.1&#8243; _module_preset=&#8221;default&#8221; global_colors_info=&#8221;{}&#8221;][et_pb_image src=&#8221;https:\/\/mirps-platform.org\/wp-content\/uploads\/2022\/01\/noun-document-1912420-AF2C27.png&#8221; title_text=&#8221;noun-document-1912420-AF2C27&#8243; url=&#8221;https:\/\/www.unhcr.org\/news\/press\/2022\/9\/632b8ecf4\/joint-press-release-international-community-shows-solidarity-efforts-enhance.html#_ga=2.211846676.1207165838.1663805359-1145593909.1641563420&#8243; url_new_window=&#8221;on&#8221; align=&#8221;center&#8221; _builder_version=&#8221;4.14.7&#8243; _module_preset=&#8221;default&#8221; module_alignment=&#8221;center&#8221; height=&#8221;119px&#8221; custom_margin=&#8221;-18px||||false|false&#8221; global_colors_info=&#8221;{}&#8221;][\/et_pb_image][et_pb_text _builder_version=&#8221;4.14.7&#8243; _module_preset=&#8221;default&#8221; link_option_url=&#8221;https:\/\/www.unhcr.org\/news\/press\/2022\/9\/632b8ecf4\/joint-press-release-international-community-shows-solidarity-efforts-enhance.html#_ga=2.211846676.1207165838.1663805359-1145593909.1641563420&#8243; link_option_url_new_window=&#8221;on&#8221; global_colors_info=&#8221;{}&#8221;]<\/p>\n<h4 style=\"text-align: center;\">Press release<\/h4>\n<p>[\/et_pb_text][\/et_pb_column][et_pb_column type=&#8221;1_3&#8243; _builder_version=&#8221;4.12.1&#8243; _module_preset=&#8221;default&#8221; global_colors_info=&#8221;{}&#8221;][et_pb_image src=&#8221;https:\/\/mirpsplatform.org\/wp-content\/uploads\/2022\/01\/noun-agenda-4519820-AF2C27.png&#8221; title_text=&#8221;noun-agenda-4519820-AF2C27&#8243; url=&#8221;https:\/\/mirps-platform.org\/wp-content\/uploads\/2022\/09\/Provisional-External-Agenda-MIRPS-Solidarity-Event-21-Sept-2022-ENG.pdf&#8221; url_new_window=&#8221;on&#8221; align=&#8221;center&#8221; _builder_version=&#8221;4.14.7&#8243; _module_preset=&#8221;default&#8221; module_alignment=&#8221;center&#8221; height=&#8221;100px&#8221; global_colors_info=&#8221;{}&#8221;][\/et_pb_image][et_pb_text _builder_version=&#8221;4.14.7&#8243; _module_preset=&#8221;default&#8221; min_height=&#8221;42px&#8221; link_option_url=&#8221;https:\/\/mirps-platform.org\/wp-content\/uploads\/2022\/09\/Provisional-External-Agenda-MIRPS-Solidarity-Event-21-Sept-2022-ENG.pdf&#8221; link_option_url_new_window=&#8221;on&#8221; global_colors_info=&#8221;{}&#8221;]<\/p>\n<h4 style=\"text-align: center;\">Agenda<\/h4>\n<p>[\/et_pb_text][\/et_pb_column][\/et_pb_row][et_pb_row _builder_version=&#8221;4.12.1&#8243; _module_preset=&#8221;default&#8221; custom_padding=&#8221;28px||0px|||&#8221; global_colors_info=&#8221;{}&#8221;][et_pb_column type=&#8221;4_4&#8243; _builder_version=&#8221;4.12.1&#8243; _module_preset=&#8221;default&#8221; global_colors_info=&#8221;{}&#8221;][et_pb_divider _builder_version=&#8221;4.12.1&#8243; _module_preset=&#8221;default&#8221; global_colors_info=&#8221;{}&#8221;][\/et_pb_divider][\/et_pb_column][\/et_pb_row][et_pb_row _builder_version=&#8221;4.14.7&#8243; _module_preset=&#8221;default&#8221; custom_padding=&#8221;||0px|||&#8221; global_colors_info=&#8221;{}&#8221;][et_pb_column type=&#8221;4_4&#8243; _builder_version=&#8221;4.14.7&#8243; _module_preset=&#8221;default&#8221; global_colors_info=&#8221;{}&#8221;][et_pb_gallery gallery_ids=&#8221;58455,58437,58439,58441,58443,58445,58447,58459&#8243; _builder_version=&#8221;4.14.7&#8243; _module_preset=&#8221;default&#8221; global_colors_info=&#8221;{}&#8221;][\/et_pb_gallery][\/et_pb_column][\/et_pb_row][et_pb_row _builder_version=&#8221;4.12.1&#8243; _module_preset=&#8221;default&#8221; min_height=&#8221;90px&#8221; custom_margin=&#8221;-2px|auto|-8px|auto||&#8221; custom_padding=&#8221;||1px|||&#8221; global_colors_info=&#8221;{}&#8221;][et_pb_column type=&#8221;4_4&#8243; _builder_version=&#8221;4.12.1&#8243; _module_preset=&#8221;default&#8221; global_colors_info=&#8221;{}&#8221;][et_pb_text _builder_version=&#8221;4.14.7&#8243; _module_preset=&#8221;default&#8221; global_colors_info=&#8221;{}&#8221;]<\/p>\n<h3 style=\"text-align: center;\">Objectives of the event<\/h3>\n<p>[\/et_pb_text][\/et_pb_column][\/et_pb_row][et_pb_row _builder_version=&#8221;4.14.7&#8243; _module_preset=&#8221;default&#8221; global_colors_info=&#8221;{}&#8221;][et_pb_column type=&#8221;4_4&#8243; _builder_version=&#8221;4.14.7&#8243; _module_preset=&#8221;default&#8221; global_colors_info=&#8221;{}&#8221;][et_pb_image src=&#8221;https:\/\/mirps-platform.org\/wp-content\/uploads\/2022\/09\/concept-note-grafico_Mesa-de-trabajo-1.png&#8221; title_text=&#8221;concept note grafico_Mesa de trabajo 1&#8243; align=&#8221;center&#8221; _builder_version=&#8221;4.14.7&#8243; _module_preset=&#8221;default&#8221; max_height=&#8221;379px&#8221; global_colors_info=&#8221;{}&#8221;][\/et_pb_image][\/et_pb_column][\/et_pb_row][et_pb_row _builder_version=&#8221;4.12.1&#8243; _module_preset=&#8221;default&#8221; min_height=&#8221;90px&#8221; custom_margin=&#8221;-2px|auto|-8px|auto||&#8221; custom_padding=&#8221;||1px|||&#8221; global_colors_info=&#8221;{}&#8221;][et_pb_column type=&#8221;4_4&#8243; _builder_version=&#8221;4.12.1&#8243; _module_preset=&#8221;default&#8221; global_colors_info=&#8221;{}&#8221;][et_pb_text _builder_version=&#8221;4.14.7&#8243; _module_preset=&#8221;default&#8221; global_colors_info=&#8221;{}&#8221;]<\/p>\n<h3 style=\"text-align: center;\">Letters: With Love From Central America<\/h3>\n<p>[\/et_pb_text][\/et_pb_column][\/et_pb_row][et_pb_row column_structure=&#8221;1_2,1_2&#8243; _builder_version=&#8221;4.14.7&#8243; _module_preset=&#8221;default&#8221; global_colors_info=&#8221;{}&#8221;][et_pb_column type=&#8221;1_2&#8243; _builder_version=&#8221;4.14.7&#8243; _module_preset=&#8221;default&#8221; global_colors_info=&#8221;{}&#8221;][et_pb_image src=&#8221;https:\/\/mirps-platform.org\/wp-content\/uploads\/2022\/09\/AF-carta-Costa-Rica-MIRPS-v3-01-1.png&#8221; title_text=&#8221;AF carta Costa Rica MIRPS v3-01&#8243; url=&#8221;https:\/\/mirps-platform.org\/wp-content\/uploads\/2022\/09\/AF-carta-Costa-Rica-MIRPS-v3-01.png&#8221; url_new_window=&#8221;on&#8221; use_overlay=&#8221;on&#8221; hover_overlay_color=&#8221;rgba(112,112,112,0.21)&#8221; align=&#8221;center&#8221; _builder_version=&#8221;4.14.7&#8243; _module_preset=&#8221;default&#8221; max_height=&#8221;650px&#8221; global_colors_info=&#8221;{}&#8221;][\/et_pb_image][\/et_pb_column][et_pb_column type=&#8221;1_2&#8243; _builder_version=&#8221;4.14.7&#8243; _module_preset=&#8221;default&#8221; global_colors_info=&#8221;{}&#8221;][et_pb_video src=&#8221;https:\/\/www.youtube.com\/watch?v=gH1wAP0bLWU&#038;t=8s&#8221; _builder_version=&#8221;4.14.7&#8243; _module_preset=&#8221;default&#8221; global_colors_info=&#8221;{}&#8221;][\/et_pb_video][\/et_pb_column][\/et_pb_row][et_pb_row column_structure=&#8221;1_2,1_2&#8243; _builder_version=&#8221;4.14.7&#8243; _module_preset=&#8221;default&#8221; global_colors_info=&#8221;{}&#8221;][et_pb_column type=&#8221;1_2&#8243; _builder_version=&#8221;4.14.7&#8243; _module_preset=&#8221;default&#8221; global_colors_info=&#8221;{}&#8221;][et_pb_image src=&#8221;https:\/\/mirps-platform.org\/wp-content\/uploads\/2022\/09\/AF-carta-Mexico-MIRPS-v3-01.png&#8221; title_text=&#8221;AF carta Mexico MIRPS v3-01&#8243; url=&#8221;https:\/\/mirps-platform.org\/wp-content\/uploads\/2022\/09\/AF-carta-Mexico-MIRPS-v3-01.png&#8221; url_new_window=&#8221;on&#8221; use_overlay=&#8221;on&#8221; hover_overlay_color=&#8221;rgba(112,112,112,0.21)&#8221; align=&#8221;center&#8221; _builder_version=&#8221;4.14.7&#8243; _module_preset=&#8221;default&#8221; max_height=&#8221;650px&#8221; global_colors_info=&#8221;{}&#8221;][\/et_pb_image][\/et_pb_column][et_pb_column type=&#8221;1_2&#8243; _builder_version=&#8221;4.14.7&#8243; _module_preset=&#8221;default&#8221; global_colors_info=&#8221;{}&#8221;][et_pb_video src=&#8221;https:\/\/www.youtube.com\/watch?v=foLnzfciTqY&#038;t=2s&#8221; _builder_version=&#8221;4.14.7&#8243; _module_preset=&#8221;default&#8221; global_colors_info=&#8221;{}&#8221;][\/et_pb_video][\/et_pb_column][\/et_pb_row][et_pb_row column_structure=&#8221;1_2,1_2&#8243; _builder_version=&#8221;4.14.7&#8243; _module_preset=&#8221;default&#8221; global_colors_info=&#8221;{}&#8221;][et_pb_column type=&#8221;1_2&#8243; _builder_version=&#8221;4.14.7&#8243; _module_preset=&#8221;default&#8221; global_colors_info=&#8221;{}&#8221;][et_pb_image src=&#8221;https:\/\/mirps-platform.org\/wp-content\/uploads\/2022\/09\/AF-carta-Panama-MIRPS-v3-01.png&#8221; title_text=&#8221;AF carta Panama MIRPS v3-01&#8243; url=&#8221;https:\/\/mirps-platform.org\/wp-content\/uploads\/2022\/09\/AF-carta-Panama-MIRPS-v3-01.png&#8221; url_new_window=&#8221;on&#8221; use_overlay=&#8221;on&#8221; hover_overlay_color=&#8221;rgba(112,112,112,0.21)&#8221; align=&#8221;center&#8221; _builder_version=&#8221;4.14.7&#8243; _module_preset=&#8221;default&#8221; max_height=&#8221;650px&#8221; global_colors_info=&#8221;{}&#8221;][\/et_pb_image][\/et_pb_column][et_pb_column type=&#8221;1_2&#8243; _builder_version=&#8221;4.14.7&#8243; _module_preset=&#8221;default&#8221; global_colors_info=&#8221;{}&#8221;][et_pb_video src=&#8221;https:\/\/www.youtube.com\/watch?v=dIFdKuvz2YQ&#8221; _builder_version=&#8221;4.14.7&#8243; _module_preset=&#8221;default&#8221; global_colors_info=&#8221;{}&#8221;][\/et_pb_video][\/et_pb_column][\/et_pb_row][et_pb_row _builder_version=&#8221;4.12.1&#8243; _module_preset=&#8221;default&#8221; global_colors_info=&#8221;{}&#8221;][et_pb_column type=&#8221;4_4&#8243; _builder_version=&#8221;4.12.1&#8243; _module_preset=&#8221;default&#8221; global_colors_info=&#8221;{}&#8221;][et_pb_text _builder_version=&#8221;4.14.7&#8243; _module_preset=&#8221;default&#8221; global_colors_info=&#8221;{}&#8221;]<\/p>\n<h3 style=\"text-align: center;\">Local Integration Programme &#8211; Mexico<\/h3>\n<p>[\/et_pb_text][\/et_pb_column][\/et_pb_row][et_pb_row _builder_version=&#8221;4.14.7&#8243; _module_preset=&#8221;default&#8221; global_colors_info=&#8221;{}&#8221;][et_pb_column type=&#8221;4_4&#8243; _builder_version=&#8221;4.14.7&#8243; _module_preset=&#8221;default&#8221; global_colors_info=&#8221;{}&#8221;][et_pb_video src=&#8221;https:\/\/mirps-platform.org\/wp-content\/uploads\/2022\/09\/04-Local-Integration-Program-Mexico-1-1-1-1.mp4&#8243; _builder_version=&#8221;4.14.7&#8243; _module_preset=&#8221;default&#8221; global_colors_info=&#8221;{}&#8221;][\/et_pb_video][\/et_pb_column][\/et_pb_row][et_pb_row _builder_version=&#8221;4.12.1&#8243; _module_preset=&#8221;default&#8221; global_colors_info=&#8221;{}&#8221;][et_pb_column type=&#8221;4_4&#8243; _builder_version=&#8221;4.12.1&#8243; _module_preset=&#8221;default&#8221; global_colors_info=&#8221;{}&#8221;][et_pb_text _builder_version=&#8221;4.14.7&#8243; _module_preset=&#8221;default&#8221; global_colors_info=&#8221;{}&#8221;]<\/p>\n<h3 style=\"text-align: center;\">MIRPS country explainers<\/h3>\n<p>[\/et_pb_text][\/et_pb_column][\/et_pb_row][et_pb_row column_structure=&#8221;1_4,1_4,1_4,1_4&#8243; _builder_version=&#8221;4.14.7&#8243; _module_preset=&#8221;default&#8221; global_colors_info=&#8221;{}&#8221;][et_pb_column type=&#8221;1_4&#8243; _builder_version=&#8221;4.14.7&#8243; _module_preset=&#8221;default&#8221; global_colors_info=&#8221;{}&#8221;][et_pb_blurb title=&#8221;Belize&#8221; url=&#8221;https:\/\/mirps-platform.org\/wp-content\/uploads\/2022\/09\/Country-explainer-Belice-ENG-VFINAL.pdf&#8221; url_new_window=&#8221;on&#8221; image_icon_background_color=&#8221;RGBA(255,255,255,0)&#8221; image=&#8221;https:\/\/mirps-platform.org\/wp-content\/uploads\/2021\/11\/1200x1200_Belice.png&#8221; image_icon_width=&#8221;31%&#8221; _builder_version=&#8221;4.14.7&#8243; _module_preset=&#8221;default&#8221; header_text_align=&#8221;center&#8221; global_colors_info=&#8221;{}&#8221;][\/et_pb_blurb][\/et_pb_column][et_pb_column type=&#8221;1_4&#8243; _builder_version=&#8221;4.14.7&#8243; _module_preset=&#8221;default&#8221; global_colors_info=&#8221;{}&#8221;][et_pb_blurb title=&#8221;Costa Rica&#8221; url=&#8221;https:\/\/mirps-platform.org\/wp-content\/uploads\/2022\/09\/Country-Explainer_COSTA-RICA-ENG-VFINAL.pdf&#8221; url_new_window=&#8221;on&#8221; image=&#8221;https:\/\/mirps-platform.org\/wp-content\/uploads\/2021\/11\/1200x1200_CostaRica.png&#8221; image_icon_width=&#8221;30%&#8221; _builder_version=&#8221;4.14.7&#8243; _module_preset=&#8221;default&#8221; header_text_align=&#8221;center&#8221; global_colors_info=&#8221;{}&#8221;][\/et_pb_blurb][\/et_pb_column][et_pb_column type=&#8221;1_4&#8243; _builder_version=&#8221;4.14.7&#8243; _module_preset=&#8221;default&#8221; global_colors_info=&#8221;{}&#8221;][et_pb_blurb title=&#8221;El Salvador&#8221; url=&#8221;https:\/\/mirps-platform.org\/wp-content\/uploads\/2022\/09\/Country-explainer-El-Salvador-ENG-FINALV.pdf&#8221; url_new_window=&#8221;on&#8221; image=&#8221;https:\/\/mirps-platform.org\/wp-content\/uploads\/2021\/11\/1200x1200_ElSalvador.png&#8221; image_icon_width=&#8221;30%&#8221; _builder_version=&#8221;4.14.7&#8243; _module_preset=&#8221;default&#8221; header_text_align=&#8221;center&#8221; global_colors_info=&#8221;{}&#8221;][\/et_pb_blurb][\/et_pb_column][et_pb_column type=&#8221;1_4&#8243; _builder_version=&#8221;4.14.7&#8243; _module_preset=&#8221;default&#8221; global_colors_info=&#8221;{}&#8221;][et_pb_blurb title=&#8221;Guatemala&#8221; url=&#8221;https:\/\/mirps-platform.org\/wp-content\/uploads\/2022\/09\/Country-explainer-Guatemala-ENG-VFINAL.pdf&#8221; image=&#8221;https:\/\/mirps-platform.org\/wp-content\/uploads\/2022\/03\/Guatemala-v3.png&#8221; image_icon_width=&#8221;30%&#8221; _builder_version=&#8221;4.14.7&#8243; _module_preset=&#8221;default&#8221; header_text_align=&#8221;center&#8221; global_colors_info=&#8221;{}&#8221;][\/et_pb_blurb][\/et_pb_column][\/et_pb_row][et_pb_row column_structure=&#8221;1_3,1_3,1_3&#8243; _builder_version=&#8221;4.14.7&#8243; _module_preset=&#8221;default&#8221; global_colors_info=&#8221;{}&#8221;][et_pb_column type=&#8221;1_3&#8243; _builder_version=&#8221;4.14.7&#8243; _module_preset=&#8221;default&#8221; global_colors_info=&#8221;{}&#8221;][et_pb_blurb title=&#8221;Honduras&#8221; url=&#8221;https:\/\/mirps-platform.org\/wp-content\/uploads\/2022\/09\/Country-explainer-HONDURAS-ENG-VFINAL.pdf&#8221; url_new_window=&#8221;on&#8221; image=&#8221;https:\/\/mirps-platform.org\/wp-content\/uploads\/2021\/11\/1200x1200_Honduras-1.png&#8221; image_icon_width=&#8221;30%&#8221; _builder_version=&#8221;4.14.7&#8243; _module_preset=&#8221;default&#8221; header_text_align=&#8221;center&#8221; global_colors_info=&#8221;{}&#8221;][\/et_pb_blurb][\/et_pb_column][et_pb_column type=&#8221;1_3&#8243; _builder_version=&#8221;4.14.7&#8243; _module_preset=&#8221;default&#8221; global_colors_info=&#8221;{}&#8221;][et_pb_blurb title=&#8221;Mexico&#8221; url=&#8221;https:\/\/mirps-platform.org\/wp-content\/uploads\/2022\/09\/Country-Explainer-Mexico-ENG-rev29Aug.pdf&#8221; image=&#8221;https:\/\/mirps-platform.org\/wp-content\/uploads\/2021\/11\/1200x1200_Mexico.png&#8221; image_icon_width=&#8221;30%&#8221; _builder_version=&#8221;4.14.7&#8243; _module_preset=&#8221;default&#8221; header_text_align=&#8221;center&#8221; global_colors_info=&#8221;{}&#8221;][\/et_pb_blurb][\/et_pb_column][et_pb_column type=&#8221;1_3&#8243; _builder_version=&#8221;4.14.7&#8243; _module_preset=&#8221;default&#8221; global_colors_info=&#8221;{}&#8221;][et_pb_blurb title=&#8221;Panama&#8221; url=&#8221;https:\/\/mirps-platform.org\/wp-content\/uploads\/2022\/09\/Country-Explainer-Panama_ENG-VFINAL.pdf&#8221; url_new_window=&#8221;on&#8221; image=&#8221;https:\/\/mirps-platform.org\/wp-content\/uploads\/2021\/11\/1200x1200_Panama.png&#8221; image_icon_width=&#8221;30%&#8221; _builder_version=&#8221;4.14.7&#8243; _module_preset=&#8221;default&#8221; header_text_align=&#8221;center&#8221; global_colors_info=&#8221;{}&#8221;][\/et_pb_blurb][\/et_pb_column][\/et_pb_row][et_pb_row _builder_version=&#8221;4.12.1&#8243; _module_preset=&#8221;default&#8221; global_colors_info=&#8221;{}&#8221;][et_pb_column type=&#8221;4_4&#8243; _builder_version=&#8221;4.12.1&#8243; _module_preset=&#8221;default&#8221; global_colors_info=&#8221;{}&#8221;][et_pb_text _builder_version=&#8221;4.12.1&#8243; _module_preset=&#8221;default&#8221; global_colors_info=&#8221;{}&#8221;]<\/p>\n<h3 style=\"text-align: center;\">The Event on Social Media: Featured Content<\/h3>\n<p>[\/et_pb_text][\/et_pb_column][\/et_pb_row][et_pb_row column_structure=&#8221;1_5,1_5,1_5,1_5,1_5&#8243; use_custom_gutter=&#8221;on&#8221; _builder_version=&#8221;4.14.7&#8243; _module_preset=&#8221;default&#8221; max_width=&#8221;1500px&#8221; global_colors_info=&#8221;{}&#8221;][et_pb_column type=&#8221;1_5&#8243; _builder_version=&#8221;4.12.1&#8243; _module_preset=&#8221;default&#8221; global_colors_info=&#8221;{}&#8221;][et_pb_code _builder_version=&#8221;4.14.7&#8243; _module_preset=&#8221;default&#8221; global_colors_info=&#8221;{}&#8221;]<\/p>\n<blockquote class=\"twitter-tweet\"><pee lang=\"en\" dir=\"ltr\">Responding to forced displacement needs <a href=\"https:\/\/twitter.com\/hashtag\/SolidarityInAction?src=hash&#038;ref_src=twsrc%5Etfw\">#SolidarityInAction<\/a>. <!\u2013- [et_pb_br_holder] -\u2013> <!\u2013- [et_pb_br_holder] -\u2013>I was glad to participate in the <a href=\"https:\/\/twitter.com\/hashtag\/MIRPS?src=hash&#038;ref_src=twsrc%5Etfw\">#MIRPS<\/a> Solidarity Event. This regional mechanism and its donor support group are great examples of shared responsibility to address displacement in Mexico and Central America.<a href=\"https:\/\/twitter.com\/hashtag\/UNGA?src=hash&#038;ref_src=twsrc%5Etfw\">#UNGA<\/a> <a href=\"https:\/\/t.co\/UOwiK5Q358\">pic.twitter.com\/UOwiK5Q358<\/a><\/pee>\u2014 Filippo Grandi (@FilippoGrandi) <a href=\"https:\/\/twitter.com\/FilippoGrandi\/status\/1572913728886312960?ref_src=twsrc%5Etfw\">September 22, 2022<\/a><\/p><\/blockquote>\n<p> <script async src=\"https:\/\/platform.twitter.com\/widgets.js\" charset=\"utf-8\"><\/script>[\/et_pb_code][\/et_pb_column][et_pb_column type=&#8221;1_5&#8243; _builder_version=&#8221;4.12.1&#8243; _module_preset=&#8221;default&#8221; global_colors_info=&#8221;{}&#8221;][et_pb_code _builder_version=&#8221;4.14.7&#8243; _module_preset=&#8221;default&#8221; global_colors_info=&#8221;{}&#8221;]<\/p>\n<blockquote class=\"twitter-tweet\"><pee lang=\"es\" dir=\"ltr\">El d\u00eda de hoy, el Coordinador General de <a href=\"https:\/\/twitter.com\/hashtag\/COMAR?src=hash&#038;ref_src=twsrc%5Etfw\">#COMAR<\/a>, en representaci\u00f3n de SEGOB \ud83c\uddf2\ud83c\uddfd, particip\u00f3 en el Evento de Solidaridad, organizado por la Plataforma de Apoyo del <a href=\"https:\/\/twitter.com\/hashtag\/MIRPS?src=hash&#038;ref_src=twsrc%5Etfw\">#MIRPS<\/a>, llevado a cabo en el marco de la Asamblea General de Naciones Unidas en Nueva York. <!\u2013- [et_pb_br_holder] -\u2013>(contin\u00faa) <a href=\"https:\/\/t.co\/6s3qh7fnb8\">pic.twitter.com\/6s3qh7fnb8<\/a><\/pee>\u2014 Comisi\u00f3n Mexicana de Ayuda a Refugiados (@comar_sg) <a href=\"https:\/\/twitter.com\/comar_sg\/status\/1572685695231172608?ref_src=twsrc%5Etfw\">September 21, 2022<\/a><\/p><\/blockquote>\n<p> <script async src=\"https:\/\/platform.twitter.com\/widgets.js\" charset=\"utf-8\"><\/script>[\/et_pb_code][\/et_pb_column][et_pb_column type=&#8221;1_5&#8243; _builder_version=&#8221;4.12.1&#8243; _module_preset=&#8221;default&#8221; global_colors_info=&#8221;{}&#8221;][et_pb_code _builder_version=&#8221;4.14.7&#8243; _module_preset=&#8221;default&#8221; global_colors_info=&#8221;{}&#8221;]<\/p>\n<blockquote class=\"twitter-tweet\"><pee lang=\"en\" dir=\"ltr\">The U.S. is proud to support the <a href=\"https:\/\/twitter.com\/hashtag\/MIRPS?src=hash&#038;ref_src=twsrc%5Etfw\">#MIRPS<\/a> countries of Central America and Mexico with more than $199 million in humanitarian assistance to help meet the humanitarian and protection needs of refugees, asylum seekers, IDPs, and vulnerable migrants in the region. <a href=\"https:\/\/twitter.com\/hashtag\/SolidarityInAction?src=hash&#038;ref_src=twsrc%5Etfw\">#SolidarityInAction<\/a><\/pee>\u2014 Secretary Antony Blinken (@SecBlinken) <a href=\"https:\/\/twitter.com\/SecBlinken\/status\/1572687873266319361?ref_src=twsrc%5Etfw\">September 21, 2022<\/a><\/p><\/blockquote>\n<p> <script async src=\"https:\/\/platform.twitter.com\/widgets.js\" charset=\"utf-8\"><\/script>[\/et_pb_code][\/et_pb_column][et_pb_column type=&#8221;1_5&#8243; _builder_version=&#8221;4.12.1&#8243; _module_preset=&#8221;default&#8221; global_colors_info=&#8221;{}&#8221;][et_pb_code _builder_version=&#8221;4.14.7&#8243; _module_preset=&#8221;default&#8221; global_colors_info=&#8221;{}&#8221;]<\/p>\n<blockquote class=\"twitter-tweet\"><pee lang=\"en\" dir=\"ltr\">I traveled to Central America this summer and heard stories of survival and bravery from people forced to flee. <!\u2013- [et_pb_br_holder] -\u2013><!\u2013- [et_pb_br_holder] -\u2013>I am glad to know the <a href=\"https:\/\/twitter.com\/hashtag\/MIRPS?src=hash&#038;ref_src=twsrc%5Etfw\">#MIRPS<\/a> Solidarity Event at <a href=\"https:\/\/twitter.com\/hashtag\/UNGA?src=hash&#038;ref_src=twsrc%5Etfw\">#UNGA<\/a> will ensure the people I met and thousands more have opportunities and support. <a href=\"https:\/\/t.co\/oBB62uxDlI\">pic.twitter.com\/oBB62uxDlI<\/a><\/pee>\u2014 Joung-ah Ghedini-Williams (@JAGhedini) <a href=\"https:\/\/twitter.com\/JAGhedini\/status\/1572670079791243264?ref_src=twsrc%5Etfw\">September 21, 2022<\/a><\/p><\/blockquote>\n<p> <script async src=\"https:\/\/platform.twitter.com\/widgets.js\" charset=\"utf-8\"><\/script>[\/et_pb_code][\/et_pb_column][et_pb_column type=&#8221;1_5&#8243; _builder_version=&#8221;4.12.1&#8243; _module_preset=&#8221;default&#8221; global_colors_info=&#8221;{}&#8221;][et_pb_code _builder_version=&#8221;4.14.7&#8243; _module_preset=&#8221;default&#8221; global_colors_info=&#8221;{}&#8221;]<\/p>\n<blockquote class=\"twitter-tweet\"><pee lang=\"en\" dir=\"ltr\">Solidarity Event in NY. The <a href=\"https:\/\/twitter.com\/hashtag\/MIRPS?src=hash&#038;ref_src=twsrc%5Etfw\">#MIRPS<\/a> countries reaffirmed their commitment to protecting refugees and displaced persons in Central America and Mexico. The Support Platform led by Canada \ud83c\udde8\ud83c\udde6 and the U.S.\ud83c\uddfa\ud83c\uddf8 is an example of responsibility sharing and promoting solutions. <a href=\"https:\/\/t.co\/AnJBcnI8R3\">pic.twitter.com\/AnJBcnI8R3<\/a><\/pee>\u2014 JoseXavierSamaniego (@JoseXavierSama1) <a href=\"https:\/\/twitter.com\/JoseXavierSama1\/status\/1573016452558630912?ref_src=twsrc%5Etfw\">September 22, 2022<\/a><\/p><\/blockquote>\n<p> <script async src=\"https:\/\/platform.twitter.com\/widgets.js\" charset=\"utf-8\"><\/script>[\/et_pb_code][\/et_pb_column][\/et_pb_row][et_pb_row column_structure=&#8221;1_5,1_5,1_5,1_5,1_5&#8243; use_custom_gutter=&#8221;on&#8221; _builder_version=&#8221;4.14.7&#8243; _module_preset=&#8221;default&#8221; max_width=&#8221;1500px&#8221; global_colors_info=&#8221;{}&#8221;][et_pb_column type=&#8221;1_5&#8243; _builder_version=&#8221;4.12.1&#8243; _module_preset=&#8221;default&#8221; global_colors_info=&#8221;{}&#8221;][et_pb_code _builder_version=&#8221;4.14.7&#8243; _module_preset=&#8221;default&#8221; global_colors_info=&#8221;{}&#8221;]<\/p>\n<blockquote class=\"twitter-tweet\"><pee lang=\"en\" dir=\"ltr\"><a href=\"https:\/\/twitter.com\/hashtag\/SolidarityInAction?src=hash&#038;ref_src=twsrc%5Etfw\">#SolidarityInAction<\/a><!\u2013- [et_pb_br_holder] -\u2013>Like Pedro, thousands of people in Central America and Mexico fled their homes to seek protection and rebuild their lives.<!\u2013- [et_pb_br_holder] -\u2013><!\u2013- [et_pb_br_holder] -\u2013>The <a href=\"https:\/\/twitter.com\/hashtag\/MIRPS?src=hash&#038;ref_src=twsrc%5Etfw\">#MIRPS<\/a> Solidarity Event will help mobilize resources needed to support them <a href=\"https:\/\/twitter.com\/hashtag\/UNGA?src=hash&#038;ref_src=twsrc%5Etfw\">#UNGA<\/a> <!\u2013- [et_pb_br_holder] -\u2013><!\u2013- [et_pb_br_holder] -\u2013>Read the full letter \ud83d\udc49\ud83c\udffe<a href=\"https:\/\/t.co\/7thnYiKlOJ\">https:\/\/t.co\/7thnYiKlOJ<\/a> <a href=\"https:\/\/t.co\/uZtLk2aJGl\">pic.twitter.com\/uZtLk2aJGl<\/a><\/pee>\u2014 OAS \u2013 Inclusion (@OAS_Inclusion) <a href=\"https:\/\/twitter.com\/OAS_Inclusion\/status\/1572657245208330245?ref_src=twsrc%5Etfw\">September 21, 2022<\/a><\/p><\/blockquote>\n<p> <script async src=\"https:\/\/platform.twitter.com\/widgets.js\" charset=\"utf-8\"><\/script>[\/et_pb_code][\/et_pb_column][et_pb_column type=&#8221;1_5&#8243; _builder_version=&#8221;4.12.1&#8243; _module_preset=&#8221;default&#8221; global_colors_info=&#8221;{}&#8221;][et_pb_code _builder_version=&#8221;4.14.7&#8243; _module_preset=&#8221;default&#8221; global_colors_info=&#8221;{}&#8221;]<\/p>\n<blockquote class=\"twitter-tweet\"><pee lang=\"en\" dir=\"ltr\">\u201cAgainst the backdrop of compounding global crises, we cannot lose sight of the more than 1M people forcibly displaced in <a href=\"https:\/\/twitter.com\/hashtag\/CentralAmerica?src=hash&#038;ref_src=twsrc%5Etfw\">#CentralAmerica<\/a> and <a href=\"https:\/\/twitter.com\/hashtag\/Mexico?src=hash&#038;ref_src=twsrc%5Etfw\">#Mexico<\/a>,&#8221; <a href=\"https:\/\/twitter.com\/HarjitSajjan?ref_src=twsrc%5Etfw\">@HarjitSajjan<\/a>.<a href=\"https:\/\/twitter.com\/hashtag\/SolidarityInAction?src=hash&#038;ref_src=twsrc%5Etfw\">#SolidarityInAction<\/a> at the <a href=\"https:\/\/twitter.com\/hashtag\/MIRPS?src=hash&#038;ref_src=twsrc%5Etfw\">#MIRPS<\/a> Support Platform Solidarity Event. <a href=\"https:\/\/twitter.com\/ACNURamericas?ref_src=twsrc%5Etfw\">@ACNURamericas<\/a> \ud83e\udd1d\u2935\ufe0f<a href=\"https:\/\/t.co\/3r62bofCO3\">https:\/\/t.co\/3r62bofCO3<\/a><\/pee>\u2014 UNHCR Canada \ud83c\udde8\ud83c\udde6 (@UNHCRCanada) <a href=\"https:\/\/twitter.com\/UNHCRCanada\/status\/1572761377521147905?ref_src=twsrc%5Etfw\">September 22, 2022<\/a><\/p><\/blockquote>\n<p> <script async src=\"https:\/\/platform.twitter.com\/widgets.js\" charset=\"utf-8\"><\/script>[\/et_pb_code][\/et_pb_column][et_pb_column type=&#8221;1_5&#8243; _builder_version=&#8221;4.12.1&#8243; _module_preset=&#8221;default&#8221; global_colors_info=&#8221;{}&#8221;][et_pb_code _builder_version=&#8221;4.14.7&#8243; _module_preset=&#8221;default&#8221; global_colors_info=&#8221;{}&#8221;]<\/p>\n<blockquote class=\"twitter-tweet\"><pee lang=\"en\" dir=\"ltr\">\u201cWe must recognize that the situation for millions of people remains grave\u201d <a href=\"https:\/\/twitter.com\/FilippoGrandi?ref_src=twsrc%5Etfw\">@FilippoGrandi<\/a><!\u2013- [et_pb_br_holder] -\u2013><!\u2013- [et_pb_br_holder] -\u2013>Today the international community showed solidarity in addressing forced displacement in Central America and Mexico with <a href=\"https:\/\/twitter.com\/hashtag\/MIRPS?src=hash&#038;ref_src=twsrc%5Etfw\">#MIRPS<\/a><!\u2013- [et_pb_br_holder] -\u2013><!\u2013- [et_pb_br_holder] -\u2013>\ud83d\udc49<a href=\"https:\/\/t.co\/CX9YgEFEwB\">https:\/\/t.co\/CX9YgEFEwB<\/a><\/pee>\u2014 UNHCR United States (@UNHCRUSA) <a href=\"https:\/\/twitter.com\/UNHCRUSA\/status\/1572732879532072960?ref_src=twsrc%5Etfw\">September 21, 2022<\/a><\/p><\/blockquote>\n<p> <script async src=\"https:\/\/platform.twitter.com\/widgets.js\" charset=\"utf-8\"><\/script>[\/et_pb_code][\/et_pb_column][et_pb_column type=&#8221;1_5&#8243; _builder_version=&#8221;4.12.1&#8243; _module_preset=&#8221;default&#8221; global_colors_info=&#8221;{}&#8221;][et_pb_code _builder_version=&#8221;4.14.7&#8243; _module_preset=&#8221;default&#8221; global_colors_info=&#8221;{}&#8221;]<\/p>\n<blockquote class=\"twitter-tweet\"><pee lang=\"en\" dir=\"ltr\">&#8220;The <a href=\"https:\/\/twitter.com\/ilo?ref_src=twsrc%5Etfw\">@ilo<\/a> commits to: <!\u2013- [et_pb_br_holder] -\u2013>\u21aa\ufe0fCreate a regional <a href=\"https:\/\/twitter.com\/hashtag\/skills?src=hash&#038;ref_src=twsrc%5Etfw\">#skills<\/a> framework<!\u2013- [et_pb_br_holder] -\u2013>\u21aa\ufe0fEstablish a Strategic Plan on <a href=\"https:\/\/twitter.com\/hashtag\/Jobs?src=hash&#038;ref_src=twsrc%5Etfw\">#Jobs<\/a> &#038; <a href=\"https:\/\/twitter.com\/hashtag\/Livelihoods?src=hash&#038;ref_src=twsrc%5Etfw\">#Livelihoods<\/a><!\u2013- [et_pb_br_holder] -\u2013>\u21aa\ufe0fStrengthen capacities &#038; provide recommendations for inclusion of <a href=\"https:\/\/twitter.com\/hashtag\/refugees?src=hash&#038;ref_src=twsrc%5Etfw\">#refugees<\/a> and their access to <a href=\"https:\/\/twitter.com\/hashtag\/socialprotection?src=hash&#038;ref_src=twsrc%5Etfw\">#socialprotection<\/a> systems.<a href=\"https:\/\/twitter.com\/BeateAndrees?ref_src=twsrc%5Etfw\">@BeateAndrees<\/a> <a href=\"https:\/\/twitter.com\/hashtag\/MIRPS?src=hash&#038;ref_src=twsrc%5Etfw\">#MIRPS<\/a><a href=\"https:\/\/twitter.com\/hashtag\/SolidarityInAction?src=hash&#038;ref_src=twsrc%5Etfw\">#SolidarityInAction<\/a> <a href=\"https:\/\/t.co\/Ke3vnvcM7L\">pic.twitter.com\/Ke3vnvcM7L<\/a><\/pee>\u2014 ILO Office for the United Nations (@ILO_NewYork) <a href=\"https:\/\/twitter.com\/ILO_NewYork\/status\/1572691387233214464?ref_src=twsrc%5Etfw\">September 21, 2022<\/a><\/p><\/blockquote>\n<p> <script async src=\"https:\/\/platform.twitter.com\/widgets.js\" charset=\"utf-8\"><\/script>[\/et_pb_code][\/et_pb_column][et_pb_column type=&#8221;1_5&#8243; _builder_version=&#8221;4.12.1&#8243; _module_preset=&#8221;default&#8221; global_colors_info=&#8221;{}&#8221;][et_pb_code _builder_version=&#8221;4.14.7&#8243; _module_preset=&#8221;default&#8221; global_colors_info=&#8221;{}&#8221;]<\/p>\n<blockquote class=\"twitter-tweet\"><pee lang=\"es\" dir=\"ltr\">M\u00f3nica y m\u00e1s de un mill\u00f3n de personas de Centroam\u00e9rica y M\u00e9xico han huido de sus hogares\ud83c\udfe0.Buscar soluciones depende de todos: <!\u2013- [et_pb_br_holder] -\u2013><!\u2013- [et_pb_br_holder] -\u2013>\u2705Gobiernos<!\u2013- [et_pb_br_holder] -\u2013>\u2705Pa\u00edses del <a href=\"https:\/\/twitter.com\/hashtag\/MIRPS?src=hash&#038;ref_src=twsrc%5Etfw\">#MIRPS<\/a><!\u2013- [et_pb_br_holder] -\u2013>\u2705Sector privado<!\u2013- [et_pb_br_holder] -\u2013>\u2705Organizaciones internacionales <a href=\"https:\/\/t.co\/c8tZFHBv7f\">https:\/\/t.co\/c8tZFHBv7f<\/a> <a href=\"https:\/\/twitter.com\/hashtag\/UNGA?src=hash&#038;ref_src=twsrc%5Etfw\">#UNGA<\/a> <a href=\"https:\/\/t.co\/lh1UQajdWA\">pic.twitter.com\/lh1UQajdWA<\/a><\/pee>\u2014 Acnur\/Unhcr Am\u00e9ricas (@ACNURamericas) <a href=\"https:\/\/twitter.com\/ACNURamericas\/status\/1572775202047819776?ref_src=twsrc%5Etfw\">September 22, 2022<\/a><\/p><\/blockquote>\n<p> <script async src=\"https:\/\/platform.twitter.com\/widgets.js\" charset=\"utf-8\"><\/script>[\/et_pb_code][\/et_pb_column][\/et_pb_row][\/et_pb_section]<\/p>\n","protected":false},"excerpt":{"rendered":"<p>\u00a0MIRPS Support Platform International Solidarity EventSeptember 21st, 2022As the current Chair of the MIRPS Support Platform, the Government of Canada, is co-hosting with the United States an International Solidarity Event to Strengthen Protection and Promote Solutions for Forcibly Displaced Persons and Host Communities in Central America and Mexico. The event will take place on the [&hellip;]<\/p>\n","protected":false},"author":6,"featured_media":0,"parent":56997,"menu_order":0,"comment_status":"closed","ping_status":"closed","template":"","meta":{"_acf_changed":false,"_et_pb_use_builder":"on","_et_pb_old_content":"","_et_gb_content_width":"","footnotes":""},"class_list":["post-57809","page","type-page","status-publish","hentry"],"acf":[],"yoast_head":"<!-- This site is optimized with the Yoast SEO plugin v27.5 - https:\/\/yoast.com\/product\/yoast-seo-wordpress\/ -->\n<title>International Solidarity Event - MIRPS<\/title>\n<meta name=\"description\" content=\"Canada and the United States will convene an International Solidarity Event in the framework of the 77\u00b0 United Nations General Assembly.\" \/>\n<meta name=\"robots\" content=\"index, follow, max-snippet:-1, max-image-preview:large, max-video-preview:-1\" \/>\n<link rel=\"canonical\" href=\"https:\/\/mirps-platform.org\/en\/resources\/events\/international-solidarity-event\/\" \/>\n<meta property=\"og:locale\" content=\"en_US\" \/>\n<meta property=\"og:type\" content=\"article\" \/>\n<meta property=\"og:title\" content=\"International Solidarity Event - MIRPS\" \/>\n<meta property=\"og:description\" content=\"Canada and the United States will convene an International Solidarity Event in the framework of the 77\u00b0 United Nations General Assembly.\" \/>\n<meta property=\"og:url\" content=\"https:\/\/mirps-platform.org\/en\/resources\/events\/international-solidarity-event\/\" \/>\n<meta property=\"og:site_name\" content=\"MIRPS\" \/>\n<meta property=\"article:modified_time\" content=\"2023-01-17T19:24:19+00:00\" \/>\n<meta name=\"twitter:card\" content=\"summary_large_image\" \/>\n<meta name=\"twitter:label1\" content=\"Est. reading time\" \/>\n\t<meta name=\"twitter:data1\" content=\"6 minutes\" \/>\n<script type=\"application\/ld+json\" class=\"yoast-schema-graph\">{\"@context\":\"https:\\\/\\\/schema.org\",\"@graph\":[{\"@type\":\"WebPage\",\"@id\":\"https:\\\/\\\/mirps-platform.org\\\/en\\\/resources\\\/events\\\/international-solidarity-event\\\/\",\"url\":\"https:\\\/\\\/mirps-platform.org\\\/en\\\/resources\\\/events\\\/international-solidarity-event\\\/\",\"name\":\"International Solidarity Event - MIRPS\",\"isPartOf\":{\"@id\":\"https:\\\/\\\/mirps-platform.org\\\/#website\"},\"datePublished\":\"2022-05-17T15:13:56+00:00\",\"dateModified\":\"2023-01-17T19:24:19+00:00\",\"description\":\"Canada and the United States will convene an International Solidarity Event in the framework of the 77\u00b0 United Nations General Assembly.\",\"breadcrumb\":{\"@id\":\"https:\\\/\\\/mirps-platform.org\\\/en\\\/resources\\\/events\\\/international-solidarity-event\\\/#breadcrumb\"},\"inLanguage\":\"en-US\",\"potentialAction\":[{\"@type\":\"ReadAction\",\"target\":[\"https:\\\/\\\/mirps-platform.org\\\/en\\\/resources\\\/events\\\/international-solidarity-event\\\/\"]}]},{\"@type\":\"BreadcrumbList\",\"@id\":\"https:\\\/\\\/mirps-platform.org\\\/en\\\/resources\\\/events\\\/international-solidarity-event\\\/#breadcrumb\",\"itemListElement\":[{\"@type\":\"ListItem\",\"position\":1,\"name\":\"Home\",\"item\":\"https:\\\/\\\/mirps-platform.org\\\/en\\\/\"},{\"@type\":\"ListItem\",\"position\":2,\"name\":\"Resources\",\"item\":\"https:\\\/\\\/mirps-platform.org\\\/en\\\/resources\\\/\"},{\"@type\":\"ListItem\",\"position\":3,\"name\":\"Events\",\"item\":\"https:\\\/\\\/mirps-platform.org\\\/recursos\\\/eventos\\\/\"},{\"@type\":\"ListItem\",\"position\":4,\"name\":\"International Solidarity Event\"}]},{\"@type\":\"WebSite\",\"@id\":\"https:\\\/\\\/mirps-platform.org\\\/#website\",\"url\":\"https:\\\/\\\/mirps-platform.org\\\/\",\"name\":\"MIRPS\",\"description\":\"Comprehensive Regional Protection and Solutions Framework\",\"potentialAction\":[{\"@type\":\"SearchAction\",\"target\":{\"@type\":\"EntryPoint\",\"urlTemplate\":\"https:\\\/\\\/mirps-platform.org\\\/?s={search_term_string}\"},\"query-input\":{\"@type\":\"PropertyValueSpecification\",\"valueRequired\":true,\"valueName\":\"search_term_string\"}}],\"inLanguage\":\"en-US\"}]}<\/script>\n<!-- \/ Yoast SEO plugin. -->","yoast_head_json":{"title":"International Solidarity Event - MIRPS","description":"Canada and the United States will convene an International Solidarity Event in the framework of the 77\u00b0 United Nations General Assembly.","robots":{"index":"index","follow":"follow","max-snippet":"max-snippet:-1","max-image-preview":"max-image-preview:large","max-video-preview":"max-video-preview:-1"},"canonical":"https:\/\/mirps-platform.org\/en\/resources\/events\/international-solidarity-event\/","og_locale":"en_US","og_type":"article","og_title":"International Solidarity Event - MIRPS","og_description":"Canada and the United States will convene an International Solidarity Event in the framework of the 77\u00b0 United Nations General Assembly.","og_url":"https:\/\/mirps-platform.org\/en\/resources\/events\/international-solidarity-event\/","og_site_name":"MIRPS","article_modified_time":"2023-01-17T19:24:19+00:00","twitter_card":"summary_large_image","twitter_misc":{"Est. reading time":"6 minutes"},"schema":{"@context":"https:\/\/schema.org","@graph":[{"@type":"WebPage","@id":"https:\/\/mirps-platform.org\/en\/resources\/events\/international-solidarity-event\/","url":"https:\/\/mirps-platform.org\/en\/resources\/events\/international-solidarity-event\/","name":"International Solidarity Event - MIRPS","isPartOf":{"@id":"https:\/\/mirps-platform.org\/#website"},"datePublished":"2022-05-17T15:13:56+00:00","dateModified":"2023-01-17T19:24:19+00:00","description":"Canada and the United States will convene an International Solidarity Event in the framework of the 77\u00b0 United Nations General Assembly.","breadcrumb":{"@id":"https:\/\/mirps-platform.org\/en\/resources\/events\/international-solidarity-event\/#breadcrumb"},"inLanguage":"en-US","potentialAction":[{"@type":"ReadAction","target":["https:\/\/mirps-platform.org\/en\/resources\/events\/international-solidarity-event\/"]}]},{"@type":"BreadcrumbList","@id":"https:\/\/mirps-platform.org\/en\/resources\/events\/international-solidarity-event\/#breadcrumb","itemListElement":[{"@type":"ListItem","position":1,"name":"Home","item":"https:\/\/mirps-platform.org\/en\/"},{"@type":"ListItem","position":2,"name":"Resources","item":"https:\/\/mirps-platform.org\/en\/resources\/"},{"@type":"ListItem","position":3,"name":"Events","item":"https:\/\/mirps-platform.org\/recursos\/eventos\/"},{"@type":"ListItem","position":4,"name":"International Solidarity Event"}]},{"@type":"WebSite","@id":"https:\/\/mirps-platform.org\/#website","url":"https:\/\/mirps-platform.org\/","name":"MIRPS","description":"Comprehensive Regional Protection and Solutions Framework","potentialAction":[{"@type":"SearchAction","target":{"@type":"EntryPoint","urlTemplate":"https:\/\/mirps-platform.org\/?s={search_term_string}"},"query-input":{"@type":"PropertyValueSpecification","valueRequired":true,"valueName":"search_term_string"}}],"inLanguage":"en-US"}]}},"_links":{"self":[{"href":"https:\/\/mirps-platform.org\/en\/wp-json\/wp\/v2\/pages\/57809","targetHints":{"allow":["GET"]}}],"collection":[{"href":"https:\/\/mirps-platform.org\/en\/wp-json\/wp\/v2\/pages"}],"about":[{"href":"https:\/\/mirps-platform.org\/en\/wp-json\/wp\/v2\/types\/page"}],"author":[{"embeddable":true,"href":"https:\/\/mirps-platform.org\/en\/wp-json\/wp\/v2\/users\/6"}],"replies":[{"embeddable":true,"href":"https:\/\/mirps-platform.org\/en\/wp-json\/wp\/v2\/comments?post=57809"}],"version-history":[{"count":42,"href":"https:\/\/mirps-platform.org\/en\/wp-json\/wp\/v2\/pages\/57809\/revisions"}],"predecessor-version":[{"id":59464,"href":"https:\/\/mirps-platform.org\/en\/wp-json\/wp\/v2\/pages\/57809\/revisions\/59464"}],"up":[{"embeddable":true,"href":"https:\/\/mirps-platform.org\/en\/wp-json\/wp\/v2\/pages\/56997"}],"wp:attachment":[{"href":"https:\/\/mirps-platform.org\/en\/wp-json\/wp\/v2\/media?parent=57809"}],"curies":[{"name":"wp","href":"https:\/\/api.w.org\/{rel}","templated":true}]}}